{"id":34718,"date":"2024-08-21T05:08:17","date_gmt":"2024-08-21T05:08:17","guid":{"rendered":"https:\/\/macarons.tiger-click.com\/?page_id=34718"},"modified":"2025-05-12T07:45:32","modified_gmt":"2025-05-12T07:45:32","slug":"https-www-macarons-recrutement-com-pour-des-hoteliers-par-des-hoteliers","status":"publish","type":"page","link":"https:\/\/www.macarons-recrutement.com\/en\/","title":{"rendered":"Pour des h\u00f4teliers par des h\u00f4teliers"},"content":{"rendered":"\t\t<div data-elementor-type=\"wp-post\" data-elementor-id=\"34718\" class=\"elementor elementor-34718\">\n\t\t\t\t\t\t<div class=\"elementor-inner\">\n\t\t\t\t<div class=\"elementor-section-wrap\">\n\t\t\t\t\t\t\t\t\t<section class=\"elementor-section elementor-top-section elementor-element elementor-element-3373fa4 elementor-section-stretched elementor-section-full_width elementor-section-height-default elementor-section-height-default\" data-id=\"3373fa4\" data-element_type=\"section\" data-settings=\"{&quot;stretch_section&quot;:&quot;section-stretched&quot;}\">\n\t\t\t\t\t\t<div class=\"elementor-container elementor-column-gap-no\">\n\t\t\t\t\t\t\t<div class=\"elementor-row\">\n\t\t\t\t\t<div class=\"elementor-column elementor-col-100 elementor-top-column elementor-element elementor-element-6690f1d\" data-id=\"6690f1d\" data-element_type=\"column\">\n\t\t\t<div class=\"elementor-column-wrap elementor-element-populated\">\n\t\t\t\t\t\t\t<div class=\"elementor-widget-wrap\">\n\t\t\t\t\t\t<div class=\"elementor-element elementor-element-3325dac elementor--h-position-center elementor--v-position-middle elementor-arrows-position-inside elementor-pagination-position-inside elementor-widget elementor-widget-slides\" data-id=\"3325dac\" data-element_type=\"widget\" data-settings=\"{&quot;navigation&quot;:&quot;both&quot;,&quot;autoplay&quot;:&quot;yes&quot;,&quot;pause_on_hover&quot;:&quot;yes&quot;,&quot;pause_on_interaction&quot;:&quot;yes&quot;,&quot;autoplay_speed&quot;:5000,&quot;infinite&quot;:&quot;yes&quot;,&quot;transition&quot;:&quot;slide&quot;,&quot;transition_speed&quot;:500}\" data-widget_type=\"slides.default\">\n\t\t\t\t<div class=\"elementor-widget-container\">\n\t\t\t\t\t<div class=\"elementor-swiper\">\n\t\t\t<div class=\"elementor-slides-wrapper elementor-main-swiper swiper-container\" dir=\"ltr\" data-animation=\"fadeInUp\">\n\t\t\t\t<div class=\"swiper-wrapper elementor-slides\">\n\t\t\t\t\t\t\t\t\t\t<div class=\"elementor-repeater-item-c8b7e79 swiper-slide\"><div class=\"swiper-slide-bg\"><\/div><div class=\"elementor-background-overlay\"><\/div><div class=\"swiper-slide-inner\" ><div class=\"swiper-slide-contents\"><div class=\"elementor-slide-heading\">RECRUTEMENT <\/div><div class=\"elementor-slide-description\">H\u00d4TELS &\nRESTAURANTS\u200b<\/div><a href=\"\/contact\/\" class=\"elementor-button elementor-slide-button elementor-size-sm\">Nous contacter <i class=\"fa fa-arrow-circle-right\" aria-hidden=\"true\"><\/i><\/a><\/div><\/div><\/div><div class=\"elementor-repeater-item-f9daeab swiper-slide\"><div class=\"swiper-slide-bg\"><\/div><div class=\"elementor-background-overlay\"><\/div><div class=\"swiper-slide-inner\" ><div class=\"swiper-slide-contents\"><div class=\"elementor-slide-heading\">RECRUTEMENT <\/div><div class=\"elementor-slide-description\">H\u00d4TELS &\nRESTAURANTS\u200b<\/div><a href=\"\/contact\/\" class=\"elementor-button elementor-slide-button elementor-size-sm\">Nous contacter <i class=\"fa fa-arrow-circle-right\" aria-hidden=\"true\"><\/i><\/a><\/div><\/div><\/div><div class=\"elementor-repeater-item-5461f2f swiper-slide\"><div class=\"swiper-slide-bg\"><\/div><div class=\"elementor-background-overlay\"><\/div><div class=\"swiper-slide-inner\" ><div class=\"swiper-slide-contents\"><div class=\"elementor-slide-heading\">RECRUTEMENT <\/div><div class=\"elementor-slide-description\">H\u00d4TELS &\nRESTAURANTS\u200b<\/div><a href=\"\/contact\/\" class=\"elementor-button elementor-slide-button elementor-size-sm\">Nous contacter <i class=\"fa fa-arrow-circle-right\" aria-hidden=\"true\"><\/i><\/a><\/div><\/div><\/div><div class=\"elementor-repeater-item-f605b7c swiper-slide\"><div class=\"swiper-slide-bg\"><\/div><div class=\"elementor-background-overlay\"><\/div><div class=\"swiper-slide-inner\" ><div class=\"swiper-slide-contents\"><div class=\"elementor-slide-heading\">RECRUTEMENT <\/div><div class=\"elementor-slide-description\">H\u00d4TELS &\nRESTAURANTS\u200b<\/div><a href=\"\/contact\/\" class=\"elementor-button elementor-slide-button elementor-size-sm\">Nous contacter <i class=\"fa fa-arrow-circle-right\" aria-hidden=\"true\"><\/i><\/a><\/div><\/div><\/div>\t\t\t\t<\/div>\n\t\t\t\t\t\t\t\t\t\t\t\t\t\t\t<div class=\"swiper-pagination\"><\/div>\n\t\t\t\t\t\t\t\t\t\t\t\t\t\t\t\t<div class=\"elementor-swiper-button elementor-swiper-button-prev\">\n\t\t\t\t\t\t\t<i aria-hidden=\"true\" class=\"eicon-chevron-left\"><\/i>\t\t\t\t\t\t\t<span class=\"elementor-screen-only\">Previous<\/span>\n\t\t\t\t\t\t<\/div>\n\t\t\t\t\t\t<div class=\"elementor-swiper-button elementor-swiper-button-next\">\n\t\t\t\t\t\t\t<i aria-hidden=\"true\" class=\"eicon-chevron-right\"><\/i>\t\t\t\t\t\t\t<span class=\"elementor-screen-only\">Next<\/span>\n\t\t\t\t\t\t<\/div>\n\t\t\t\t\t\t\t\t\t\t\t\t<\/div>\n\t\t<\/div>\n\t\t\t\t<\/div>\n\t\t\t\t<\/div>\n\t\t\t\t\t\t<\/div>\n\t\t\t\t\t<\/div>\n\t\t<\/div>\n\t\t\t\t\t\t\t\t<\/div>\n\t\t\t\t\t<\/div>\n\t\t<\/section>\n\t\t\t\t<section class=\"elementor-section elementor-top-section elementor-element elementor-element-17f3580e elementor-section-stretched elementor-section-boxed elementor-section-height-default elementor-section-height-default\" data-id=\"17f3580e\" data-element_type=\"section\" data-settings=\"{&quot;stretch_section&quot;:&quot;section-stretched&quot;}\">\n\t\t\t\t\t\t<div class=\"elementor-container elementor-column-gap-extended\">\n\t\t\t\t\t\t\t<div class=\"elementor-row\">\n\t\t\t\t\t<div class=\"elementor-column elementor-col-100 elementor-top-column elementor-element elementor-element-6694877b\" data-id=\"6694877b\" data-element_type=\"column\">\n\t\t\t<div class=\"elementor-column-wrap elementor-element-populated\">\n\t\t\t\t\t\t\t<div class=\"elementor-widget-wrap\">\n\t\t\t\t\t\t<div class=\"elementor-element elementor-element-243cff38 elementor-invisible elementor-widget elementor-widget-heading\" data-id=\"243cff38\" data-element_type=\"widget\" data-settings=\"{&quot;_animation&quot;:&quot;fadeInDown&quot;}\" data-widget_type=\"heading.default\">\n\t\t\t\t<div class=\"elementor-widget-container\">\n\t\t\t<h2 class=\"elementor-heading-title elementor-size-default\">OFFRES D\u2019EMPLOI<\/h2>\t\t<\/div>\n\t\t\t\t<\/div>\n\t\t\t\t<div class=\"elementor-element elementor-element-565690a3 elementor-invisible elementor-widget elementor-widget-text-editor\" data-id=\"565690a3\" data-element_type=\"widget\" data-settings=\"{&quot;_animation&quot;:&quot;fadeInUp&quot;,&quot;_animation_delay&quot;:&quot;200&quot;}\" data-widget_type=\"text-editor.default\">\n\t\t\t\t<div class=\"elementor-widget-container\">\n\t\t\t\t\t\t\t\t<div class=\"elementor-text-editor elementor-clearfix\">\n\t\t\t\t<p>Offres \u00e0 la Une<\/p><div class=\"title-h5\">\u00a0<\/div>\t\t\t\t\t<\/div>\n\t\t\t\t\t\t<\/div>\n\t\t\t\t<\/div>\n\t\t\t\t\t\t<\/div>\n\t\t\t\t\t<\/div>\n\t\t<\/div>\n\t\t\t\t\t\t\t\t<\/div>\n\t\t\t\t\t<\/div>\n\t\t<\/section>\n\t\t\t\t<section class=\"elementor-section elementor-top-section elementor-element elementor-element-0434ac9 elementor-hidden-phone elementor-section-boxed elementor-section-height-default elementor-section-height-default\" data-id=\"0434ac9\" data-element_type=\"section\">\n\t\t\t\t\t\t<div class=\"elementor-container elementor-column-gap-default\">\n\t\t\t\t\t\t\t<div class=\"elementor-row\">\n\t\t\t\t\t<div class=\"elementor-column elementor-col-100 elementor-top-column elementor-element elementor-element-7406d40\" data-id=\"7406d40\" data-element_type=\"column\">\n\t\t\t<div class=\"elementor-column-wrap elementor-element-populated\">\n\t\t\t\t\t\t\t<div class=\"elementor-widget-wrap\">\n\t\t\t\t\t\t<div class=\"elementor-element elementor-element-cf7a057 elementor-grid-1 elementor-posts--thumbnail-left elementor-grid-tablet-1 elementor-grid-mobile-1 elementor-widget elementor-widget-posts\" data-id=\"cf7a057\" data-element_type=\"widget\" data-settings=\"{&quot;classic_columns&quot;:&quot;1&quot;,&quot;classic_columns_tablet&quot;:&quot;1&quot;,&quot;classic_columns_mobile&quot;:&quot;1&quot;,&quot;classic_row_gap&quot;:{&quot;unit&quot;:&quot;px&quot;,&quot;size&quot;:35,&quot;sizes&quot;:[]},&quot;classic_row_gap_tablet&quot;:{&quot;unit&quot;:&quot;px&quot;,&quot;size&quot;:&quot;&quot;,&quot;sizes&quot;:[]},&quot;classic_row_gap_mobile&quot;:{&quot;unit&quot;:&quot;px&quot;,&quot;size&quot;:&quot;&quot;,&quot;sizes&quot;:[]}}\" data-widget_type=\"posts.classic\">\n\t\t\t\t<div class=\"elementor-widget-container\">\n\t\t\t\t\t<div class=\"elementor-posts-container elementor-posts elementor-posts--skin-classic elementor-grid\">\n\t\t\t\t<article class=\"elementor-post elementor-grid-item post-53303 post type-post status-publish format-standard has-post-thumbnail category-job-offers category-non-classe-en category-offres-demploi category-uncategorized tag-bretagne tag-directeur-exploitation tag-direction-des-operations tag-finistere tag-hotellerie-haut-de-gamme tag-macarons-recrutement-hotellerie-et-restauration tag-michelin tag-restaurant-etoile\">\n\t\t\t\t<a class=\"elementor-post__thumbnail__link\" href=\"https:\/\/www.macarons-recrutement.com\/en\/directeur-dexploitation-moulin-de-rosmadec-en-bretagne\/\" >\n\t\t\t<div class=\"elementor-post__thumbnail\"><img loading=\"lazy\" decoding=\"async\" width=\"350\" height=\"233\" src=\"https:\/\/www.macarons-recrutement.com\/wp-content\/uploads\/2026\/03\/Directeur-dExploitation-p.jpg\" class=\"attachment-full size-full wp-image-53012\" alt=\"\" srcset=\"https:\/\/www.macarons-recrutement.com\/wp-content\/uploads\/2026\/03\/Directeur-dExploitation-p.jpg 350w, https:\/\/www.macarons-recrutement.com\/wp-content\/uploads\/2026\/03\/Directeur-dExploitation-p-300x200.jpg 300w\" sizes=\"(max-width: 350px) 100vw, 350px\" \/><\/div>\n\t\t<\/a>\n\t\t\t\t<div class=\"elementor-post__text\">\n\t\t\t\t<h3 class=\"elementor-post__title\">\n\t\t\t<a href=\"https:\/\/www.macarons-recrutement.com\/en\/directeur-dexploitation-moulin-de-rosmadec-en-bretagne\/\" >\n\t\t\t\tDirecteur d&#8217;Exploitation Moulin de Rosmadec en Bretagne\t\t\t<\/a>\n\t\t<\/h3>\n\t\t\t\t<div class=\"elementor-post__meta-data\">\n\t\t\t\t\t<span class=\"elementor-post-date\">\n\t\t\t28 April 2026\t\t<\/span>\n\t\t\t\t<\/div>\n\t\t\t\t<div class=\"elementor-post__excerpt\">\n\t\t\t<p>Entreprise Situ\u00e9 \u00e0 Pont-Aven, au c\u0153ur du Finist\u00e8re, le Moulin de Rosmadec s\u2019inscrit dans un<\/p>\n\t\t<\/div>\n\t\t\n\t\t<a class=\"elementor-post__read-more\" href=\"https:\/\/www.macarons-recrutement.com\/en\/directeur-dexploitation-moulin-de-rosmadec-en-bretagne\/\" aria-label=\"Read more about Directeur d&#8217;Exploitation Moulin de Rosmadec en Bretagne\" >\n\t\t\tVoir l'offre \u00bb\t\t<\/a>\n\n\t\t\t\t<\/div>\n\t\t\t\t<\/article>\n\t\t\t\t<article class=\"elementor-post elementor-grid-item post-53246 post type-post status-publish format-standard has-post-thumbnail category-job-offers category-non-classe-en category-offres-demploi category-uncategorized tag-cdi-cuisine tag-cdi-vendee tag-chef-de-cuisine-evenementiel tag-chef-de-cuisine tag-cocktails tag-macarons-recrutement-hotellerie-et-restauration tag-seminaires tag-traiteur\">\n\t\t\t\t<a class=\"elementor-post__thumbnail__link\" href=\"https:\/\/www.macarons-recrutement.com\/en\/chef-de-cuisine-evenementiel-haut-de-gamme-en-vendee\/\" >\n\t\t\t<div class=\"elementor-post__thumbnail\"><img loading=\"lazy\" decoding=\"async\" width=\"350\" height=\"233\" src=\"https:\/\/www.macarons-recrutement.com\/wp-content\/uploads\/2026\/04\/Chef-de-cuisine-evenementiel-p.jpg\" class=\"attachment-full size-full wp-image-53248\" alt=\"\" srcset=\"https:\/\/www.macarons-recrutement.com\/wp-content\/uploads\/2026\/04\/Chef-de-cuisine-evenementiel-p.jpg 350w, https:\/\/www.macarons-recrutement.com\/wp-content\/uploads\/2026\/04\/Chef-de-cuisine-evenementiel-p-300x200.jpg 300w\" sizes=\"(max-width: 350px) 100vw, 350px\" \/><\/div>\n\t\t<\/a>\n\t\t\t\t<div class=\"elementor-post__text\">\n\t\t\t\t<h3 class=\"elementor-post__title\">\n\t\t\t<a href=\"https:\/\/www.macarons-recrutement.com\/en\/chef-de-cuisine-evenementiel-haut-de-gamme-en-vendee\/\" >\n\t\t\t\tChef de Cuisine \u00c9v\u00e8nementiel Haut de Gamme en Vend\u00e9e\t\t\t<\/a>\n\t\t<\/h3>\n\t\t\t\t<div class=\"elementor-post__meta-data\">\n\t\t\t\t\t<span class=\"elementor-post-date\">\n\t\t\t27 April 2026\t\t<\/span>\n\t\t\t\t<\/div>\n\t\t\t\t<div class=\"elementor-post__excerpt\">\n\t\t\t<p>Entreprise Rejoignez un acteur majeur du divertissement et de l\u2019\u00e9v\u00e9nementiel en France au sein d\u2019un<\/p>\n\t\t<\/div>\n\t\t\n\t\t<a class=\"elementor-post__read-more\" href=\"https:\/\/www.macarons-recrutement.com\/en\/chef-de-cuisine-evenementiel-haut-de-gamme-en-vendee\/\" aria-label=\"Read more about Chef de Cuisine \u00c9v\u00e8nementiel Haut de Gamme en Vend\u00e9e\" >\n\t\t\tVoir l'offre \u00bb\t\t<\/a>\n\n\t\t\t\t<\/div>\n\t\t\t\t<\/article>\n\t\t\t\t<article class=\"elementor-post elementor-grid-item post-53296 post type-post status-publish format-standard has-post-thumbnail category-job-offers category-non-classe-en category-offres-demploi category-uncategorized tag-cdi-restauration tag-macarons-recrutement-hotellerie-et-restauration tag-maitre-dhotel tag-responsable-de-salle tag-restauration-gastronomique tag-vexin\">\n\t\t\t\t<a class=\"elementor-post__thumbnail__link\" href=\"https:\/\/www.macarons-recrutement.com\/en\/maitre-dhotel-responsable-de-salle-gastronomique-hotel-vexin\/\" >\n\t\t\t<div class=\"elementor-post__thumbnail\"><img loading=\"lazy\" decoding=\"async\" width=\"350\" height=\"233\" src=\"https:\/\/www.macarons-recrutement.com\/wp-content\/uploads\/2026\/04\/Maitre-dhotel-responsable-de-salle-p.jpg\" class=\"attachment-full size-full wp-image-53298\" alt=\"\" srcset=\"https:\/\/www.macarons-recrutement.com\/wp-content\/uploads\/2026\/04\/Maitre-dhotel-responsable-de-salle-p.jpg 350w, https:\/\/www.macarons-recrutement.com\/wp-content\/uploads\/2026\/04\/Maitre-dhotel-responsable-de-salle-p-300x200.jpg 300w\" sizes=\"(max-width: 350px) 100vw, 350px\" \/><\/div>\n\t\t<\/a>\n\t\t\t\t<div class=\"elementor-post__text\">\n\t\t\t\t<h3 class=\"elementor-post__title\">\n\t\t\t<a href=\"https:\/\/www.macarons-recrutement.com\/en\/maitre-dhotel-responsable-de-salle-gastronomique-hotel-vexin\/\" >\n\t\t\t\tMa\u00eetre d\u2019H\u00f4tel Responsable de Salle Gastronomique H\u00f4tel Vexin\t\t\t<\/a>\n\t\t<\/h3>\n\t\t\t\t<div class=\"elementor-post__meta-data\">\n\t\t\t\t\t<span class=\"elementor-post-date\">\n\t\t\t27 April 2026\t\t<\/span>\n\t\t\t\t<\/div>\n\t\t\t\t<div class=\"elementor-post__excerpt\">\n\t\t\t<p>Entreprise Cet \u00e9tablissement gastronomique situ\u00e9 au c\u0153ur du Vexin propose une exp\u00e9rience ancr\u00e9e dans la<\/p>\n\t\t<\/div>\n\t\t\n\t\t<a class=\"elementor-post__read-more\" href=\"https:\/\/www.macarons-recrutement.com\/en\/maitre-dhotel-responsable-de-salle-gastronomique-hotel-vexin\/\" aria-label=\"Read more about Ma\u00eetre d\u2019H\u00f4tel Responsable de Salle Gastronomique H\u00f4tel Vexin\" >\n\t\t\tVoir l'offre \u00bb\t\t<\/a>\n\n\t\t\t\t<\/div>\n\t\t\t\t<\/article>\n\t\t\t\t<article class=\"elementor-post elementor-grid-item post-53285 post type-post status-publish format-standard has-post-thumbnail category-job-offers category-non-classe-en category-offres-demploi category-uncategorized tag-directeur-exploitation tag-direction-restauration tag-hotellerie-de-luxe tag-macarons-recrutement-hotellerie-et-restauration tag-management-hotelier tag-poste-cadre-cdi\">\n\t\t\t\t<a class=\"elementor-post__thumbnail__link\" href=\"https:\/\/www.macarons-recrutement.com\/en\/directeur-dexploitation-hotel-5-proche-megeve\/\" >\n\t\t\t<div class=\"elementor-post__thumbnail\"><img loading=\"lazy\" decoding=\"async\" width=\"350\" height=\"233\" src=\"https:\/\/www.macarons-recrutement.com\/wp-content\/uploads\/2026\/02\/Directeur-dExploitation-p.jpg\" class=\"attachment-full size-full wp-image-52983\" alt=\"\" srcset=\"https:\/\/www.macarons-recrutement.com\/wp-content\/uploads\/2026\/02\/Directeur-dExploitation-p.jpg 350w, https:\/\/www.macarons-recrutement.com\/wp-content\/uploads\/2026\/02\/Directeur-dExploitation-p-300x200.jpg 300w\" sizes=\"(max-width: 350px) 100vw, 350px\" \/><\/div>\n\t\t<\/a>\n\t\t\t\t<div class=\"elementor-post__text\">\n\t\t\t\t<h3 class=\"elementor-post__title\">\n\t\t\t<a href=\"https:\/\/www.macarons-recrutement.com\/en\/directeur-dexploitation-hotel-5-proche-megeve\/\" >\n\t\t\t\tDirecteur d\u2019Exploitation H\u00f4tel 5* Proche Meg\u00e8ve\t\t\t<\/a>\n\t\t<\/h3>\n\t\t\t\t<div class=\"elementor-post__meta-data\">\n\t\t\t\t\t<span class=\"elementor-post-date\">\n\t\t\t26 April 2026\t\t<\/span>\n\t\t\t\t<\/div>\n\t\t\t\t<div class=\"elementor-post__excerpt\">\n\t\t\t<p>Entreprise Situ\u00e9 au c\u0153ur d\u2019un environnement naturel pr\u00e9serv\u00e9 et accessible selon des contraintes saisonni\u00e8res marqu\u00e9es,<\/p>\n\t\t<\/div>\n\t\t\n\t\t<a class=\"elementor-post__read-more\" href=\"https:\/\/www.macarons-recrutement.com\/en\/directeur-dexploitation-hotel-5-proche-megeve\/\" aria-label=\"Read more about Directeur d\u2019Exploitation H\u00f4tel 5* Proche Meg\u00e8ve\" >\n\t\t\tVoir l'offre \u00bb\t\t<\/a>\n\n\t\t\t\t<\/div>\n\t\t\t\t<\/article>\n\t\t\t\t<article class=\"elementor-post elementor-grid-item post-53280 post type-post status-publish format-standard has-post-thumbnail category-job-offers category-non-classe-en category-offres-demploi category-uncategorized tag-cdi-cadre tag-directeur-de-restaurant tag-etoile-michelin tag-hotellerie-restauration tag-macarons-recrutement-hotellerie-et-restauration tag-pays-basque tag-restaurant-gastronomique\">\n\t\t\t\t<a class=\"elementor-post__thumbnail__link\" href=\"https:\/\/www.macarons-recrutement.com\/en\/directeur-de-restaurant-hotel-5-et-table-etoilee-michelin-pays-basque\/\" >\n\t\t\t<div class=\"elementor-post__thumbnail\"><img loading=\"lazy\" decoding=\"async\" width=\"350\" height=\"233\" src=\"https:\/\/www.macarons-recrutement.com\/wp-content\/uploads\/2026\/02\/directeur-de-restaurant-p.jpg\" class=\"attachment-full size-full wp-image-52937\" alt=\"\" srcset=\"https:\/\/www.macarons-recrutement.com\/wp-content\/uploads\/2026\/02\/directeur-de-restaurant-p.jpg 350w, https:\/\/www.macarons-recrutement.com\/wp-content\/uploads\/2026\/02\/directeur-de-restaurant-p-300x200.jpg 300w\" sizes=\"(max-width: 350px) 100vw, 350px\" \/><\/div>\n\t\t<\/a>\n\t\t\t\t<div class=\"elementor-post__text\">\n\t\t\t\t<h3 class=\"elementor-post__title\">\n\t\t\t<a href=\"https:\/\/www.macarons-recrutement.com\/en\/directeur-de-restaurant-hotel-5-et-table-etoilee-michelin-pays-basque\/\" >\n\t\t\t\tDirecteur de Restaurant H\u00f4tel 5* et Table \u00c9toil\u00e9e Michelin Pays Basque\t\t\t<\/a>\n\t\t<\/h3>\n\t\t\t\t<div class=\"elementor-post__meta-data\">\n\t\t\t\t\t<span class=\"elementor-post-date\">\n\t\t\t25 April 2026\t\t<\/span>\n\t\t\t\t<\/div>\n\t\t\t\t<div class=\"elementor-post__excerpt\">\n\t\t\t<p>Entreprise Au c\u0153ur du Pays basque, dans un environnement naturel pr\u00e9serv\u00e9 et recherch\u00e9, un \u00e9tablissement<\/p>\n\t\t<\/div>\n\t\t\n\t\t<a class=\"elementor-post__read-more\" href=\"https:\/\/www.macarons-recrutement.com\/en\/directeur-de-restaurant-hotel-5-et-table-etoilee-michelin-pays-basque\/\" aria-label=\"Read more about Directeur de Restaurant H\u00f4tel 5* et Table \u00c9toil\u00e9e Michelin Pays Basque\" >\n\t\t\tVoir l'offre \u00bb\t\t<\/a>\n\n\t\t\t\t<\/div>\n\t\t\t\t<\/article>\n\t\t\t\t<\/div>\n\t\t\n\t\t\t\t<\/div>\n\t\t\t\t<\/div>\n\t\t\t\t<div class=\"elementor-element elementor-element-17a9925 elementor-align-center elementor-widget elementor-widget-button\" data-id=\"17a9925\" data-element_type=\"widget\" data-widget_type=\"button.default\">\n\t\t\t\t<div class=\"elementor-widget-container\">\n\t\t\t\t\t<div class=\"elementor-button-wrapper\">\n\t\t\t<a href=\"\/offres-demploi\/\" class=\"elementor-button-link elementor-button elementor-size-sm\" role=\"button\">\n\t\t\t\t\t\t<span class=\"elementor-button-content-wrapper\">\n\t\t\t\t\t\t<span class=\"elementor-button-text\">Voir toutes nos offres<\/span>\n\t\t<\/span>\n\t\t\t\t\t<\/a>\n\t\t<\/div>\n\t\t\t\t<\/div>\n\t\t\t\t<\/div>\n\t\t\t\t\t\t<\/div>\n\t\t\t\t\t<\/div>\n\t\t<\/div>\n\t\t\t\t\t\t\t\t<\/div>\n\t\t\t\t\t<\/div>\n\t\t<\/section>\n\t\t\t\t<section class=\"elementor-section elementor-top-section elementor-element elementor-element-df05069 elementor-hidden-desktop elementor-hidden-tablet elementor-section-boxed elementor-section-height-default elementor-section-height-default\" data-id=\"df05069\" data-element_type=\"section\">\n\t\t\t\t\t\t<div class=\"elementor-container elementor-column-gap-default\">\n\t\t\t\t\t\t\t<div class=\"elementor-row\">\n\t\t\t\t\t<div class=\"elementor-column elementor-col-100 elementor-top-column elementor-element elementor-element-1f352a3\" data-id=\"1f352a3\" data-element_type=\"column\">\n\t\t\t<div class=\"elementor-column-wrap elementor-element-populated\">\n\t\t\t\t\t\t\t<div class=\"elementor-widget-wrap\">\n\t\t\t\t\t\t<div class=\"elementor-element elementor-element-7560bd6 elementor-grid-1 elementor-grid-tablet-1 elementor-grid-mobile-1 elementor-posts--thumbnail-top elementor-widget elementor-widget-posts\" data-id=\"7560bd6\" data-element_type=\"widget\" data-settings=\"{&quot;classic_columns&quot;:&quot;1&quot;,&quot;classic_columns_tablet&quot;:&quot;1&quot;,&quot;classic_columns_mobile&quot;:&quot;1&quot;,&quot;classic_row_gap&quot;:{&quot;unit&quot;:&quot;px&quot;,&quot;size&quot;:35,&quot;sizes&quot;:[]},&quot;classic_row_gap_tablet&quot;:{&quot;unit&quot;:&quot;px&quot;,&quot;size&quot;:&quot;&quot;,&quot;sizes&quot;:[]},&quot;classic_row_gap_mobile&quot;:{&quot;unit&quot;:&quot;px&quot;,&quot;size&quot;:&quot;&quot;,&quot;sizes&quot;:[]}}\" data-widget_type=\"posts.classic\">\n\t\t\t\t<div class=\"elementor-widget-container\">\n\t\t\t\t\t<div class=\"elementor-posts-container elementor-posts elementor-posts--skin-classic elementor-grid\">\n\t\t\t\t<article class=\"elementor-post elementor-grid-item post-53303 post type-post status-publish format-standard has-post-thumbnail category-job-offers category-non-classe-en category-offres-demploi category-uncategorized tag-bretagne tag-directeur-exploitation tag-direction-des-operations tag-finistere tag-hotellerie-haut-de-gamme tag-macarons-recrutement-hotellerie-et-restauration tag-michelin tag-restaurant-etoile\">\n\t\t\t\t<a class=\"elementor-post__thumbnail__link\" href=\"https:\/\/www.macarons-recrutement.com\/en\/directeur-dexploitation-moulin-de-rosmadec-en-bretagne\/\" >\n\t\t\t<div class=\"elementor-post__thumbnail\"><img loading=\"lazy\" decoding=\"async\" width=\"350\" height=\"233\" src=\"https:\/\/www.macarons-recrutement.com\/wp-content\/uploads\/2026\/03\/Directeur-dExploitation-p.jpg\" class=\"attachment-full size-full wp-image-53012\" alt=\"\" srcset=\"https:\/\/www.macarons-recrutement.com\/wp-content\/uploads\/2026\/03\/Directeur-dExploitation-p.jpg 350w, https:\/\/www.macarons-recrutement.com\/wp-content\/uploads\/2026\/03\/Directeur-dExploitation-p-300x200.jpg 300w\" sizes=\"(max-width: 350px) 100vw, 350px\" \/><\/div>\n\t\t<\/a>\n\t\t\t\t<div class=\"elementor-post__text\">\n\t\t\t\t<h3 class=\"elementor-post__title\">\n\t\t\t<a href=\"https:\/\/www.macarons-recrutement.com\/en\/directeur-dexploitation-moulin-de-rosmadec-en-bretagne\/\" >\n\t\t\t\tDirecteur d&#8217;Exploitation Moulin de Rosmadec en Bretagne\t\t\t<\/a>\n\t\t<\/h3>\n\t\t\t\t<div class=\"elementor-post__meta-data\">\n\t\t\t\t\t<span class=\"elementor-post-date\">\n\t\t\t28 April 2026\t\t<\/span>\n\t\t\t\t<\/div>\n\t\t\t\t<div class=\"elementor-post__excerpt\">\n\t\t\t<p>Entreprise Situ\u00e9 \u00e0 Pont-Aven, au c\u0153ur du Finist\u00e8re, le Moulin de Rosmadec s\u2019inscrit dans un<\/p>\n\t\t<\/div>\n\t\t\n\t\t<a class=\"elementor-post__read-more\" href=\"https:\/\/www.macarons-recrutement.com\/en\/directeur-dexploitation-moulin-de-rosmadec-en-bretagne\/\" aria-label=\"Read more about Directeur d&#8217;Exploitation Moulin de Rosmadec en Bretagne\" >\n\t\t\tVoir l'offre \u00bb\t\t<\/a>\n\n\t\t\t\t<\/div>\n\t\t\t\t<\/article>\n\t\t\t\t<article class=\"elementor-post elementor-grid-item post-53246 post type-post status-publish format-standard has-post-thumbnail category-job-offers category-non-classe-en category-offres-demploi category-uncategorized tag-cdi-cuisine tag-cdi-vendee tag-chef-de-cuisine-evenementiel tag-chef-de-cuisine tag-cocktails tag-macarons-recrutement-hotellerie-et-restauration tag-seminaires tag-traiteur\">\n\t\t\t\t<a class=\"elementor-post__thumbnail__link\" href=\"https:\/\/www.macarons-recrutement.com\/en\/chef-de-cuisine-evenementiel-haut-de-gamme-en-vendee\/\" >\n\t\t\t<div class=\"elementor-post__thumbnail\"><img loading=\"lazy\" decoding=\"async\" width=\"350\" height=\"233\" src=\"https:\/\/www.macarons-recrutement.com\/wp-content\/uploads\/2026\/04\/Chef-de-cuisine-evenementiel-p.jpg\" class=\"attachment-full size-full wp-image-53248\" alt=\"\" srcset=\"https:\/\/www.macarons-recrutement.com\/wp-content\/uploads\/2026\/04\/Chef-de-cuisine-evenementiel-p.jpg 350w, https:\/\/www.macarons-recrutement.com\/wp-content\/uploads\/2026\/04\/Chef-de-cuisine-evenementiel-p-300x200.jpg 300w\" sizes=\"(max-width: 350px) 100vw, 350px\" \/><\/div>\n\t\t<\/a>\n\t\t\t\t<div class=\"elementor-post__text\">\n\t\t\t\t<h3 class=\"elementor-post__title\">\n\t\t\t<a href=\"https:\/\/www.macarons-recrutement.com\/en\/chef-de-cuisine-evenementiel-haut-de-gamme-en-vendee\/\" >\n\t\t\t\tChef de Cuisine \u00c9v\u00e8nementiel Haut de Gamme en Vend\u00e9e\t\t\t<\/a>\n\t\t<\/h3>\n\t\t\t\t<div class=\"elementor-post__meta-data\">\n\t\t\t\t\t<span class=\"elementor-post-date\">\n\t\t\t27 April 2026\t\t<\/span>\n\t\t\t\t<\/div>\n\t\t\t\t<div class=\"elementor-post__excerpt\">\n\t\t\t<p>Entreprise Rejoignez un acteur majeur du divertissement et de l\u2019\u00e9v\u00e9nementiel en France au sein d\u2019un<\/p>\n\t\t<\/div>\n\t\t\n\t\t<a class=\"elementor-post__read-more\" href=\"https:\/\/www.macarons-recrutement.com\/en\/chef-de-cuisine-evenementiel-haut-de-gamme-en-vendee\/\" aria-label=\"Read more about Chef de Cuisine \u00c9v\u00e8nementiel Haut de Gamme en Vend\u00e9e\" >\n\t\t\tVoir l'offre \u00bb\t\t<\/a>\n\n\t\t\t\t<\/div>\n\t\t\t\t<\/article>\n\t\t\t\t<article class=\"elementor-post elementor-grid-item post-53296 post type-post status-publish format-standard has-post-thumbnail category-job-offers category-non-classe-en category-offres-demploi category-uncategorized tag-cdi-restauration tag-macarons-recrutement-hotellerie-et-restauration tag-maitre-dhotel tag-responsable-de-salle tag-restauration-gastronomique tag-vexin\">\n\t\t\t\t<a class=\"elementor-post__thumbnail__link\" href=\"https:\/\/www.macarons-recrutement.com\/en\/maitre-dhotel-responsable-de-salle-gastronomique-hotel-vexin\/\" >\n\t\t\t<div class=\"elementor-post__thumbnail\"><img loading=\"lazy\" decoding=\"async\" width=\"350\" height=\"233\" src=\"https:\/\/www.macarons-recrutement.com\/wp-content\/uploads\/2026\/04\/Maitre-dhotel-responsable-de-salle-p.jpg\" class=\"attachment-full size-full wp-image-53298\" alt=\"\" srcset=\"https:\/\/www.macarons-recrutement.com\/wp-content\/uploads\/2026\/04\/Maitre-dhotel-responsable-de-salle-p.jpg 350w, https:\/\/www.macarons-recrutement.com\/wp-content\/uploads\/2026\/04\/Maitre-dhotel-responsable-de-salle-p-300x200.jpg 300w\" sizes=\"(max-width: 350px) 100vw, 350px\" \/><\/div>\n\t\t<\/a>\n\t\t\t\t<div class=\"elementor-post__text\">\n\t\t\t\t<h3 class=\"elementor-post__title\">\n\t\t\t<a href=\"https:\/\/www.macarons-recrutement.com\/en\/maitre-dhotel-responsable-de-salle-gastronomique-hotel-vexin\/\" >\n\t\t\t\tMa\u00eetre d\u2019H\u00f4tel Responsable de Salle Gastronomique H\u00f4tel Vexin\t\t\t<\/a>\n\t\t<\/h3>\n\t\t\t\t<div class=\"elementor-post__meta-data\">\n\t\t\t\t\t<span class=\"elementor-post-date\">\n\t\t\t27 April 2026\t\t<\/span>\n\t\t\t\t<\/div>\n\t\t\t\t<div class=\"elementor-post__excerpt\">\n\t\t\t<p>Entreprise Cet \u00e9tablissement gastronomique situ\u00e9 au c\u0153ur du Vexin propose une exp\u00e9rience ancr\u00e9e dans la<\/p>\n\t\t<\/div>\n\t\t\n\t\t<a class=\"elementor-post__read-more\" href=\"https:\/\/www.macarons-recrutement.com\/en\/maitre-dhotel-responsable-de-salle-gastronomique-hotel-vexin\/\" aria-label=\"Read more about Ma\u00eetre d\u2019H\u00f4tel Responsable de Salle Gastronomique H\u00f4tel Vexin\" >\n\t\t\tVoir l'offre \u00bb\t\t<\/a>\n\n\t\t\t\t<\/div>\n\t\t\t\t<\/article>\n\t\t\t\t<article class=\"elementor-post elementor-grid-item post-53285 post type-post status-publish format-standard has-post-thumbnail category-job-offers category-non-classe-en category-offres-demploi category-uncategorized tag-directeur-exploitation tag-direction-restauration tag-hotellerie-de-luxe tag-macarons-recrutement-hotellerie-et-restauration tag-management-hotelier tag-poste-cadre-cdi\">\n\t\t\t\t<a class=\"elementor-post__thumbnail__link\" href=\"https:\/\/www.macarons-recrutement.com\/en\/directeur-dexploitation-hotel-5-proche-megeve\/\" >\n\t\t\t<div class=\"elementor-post__thumbnail\"><img loading=\"lazy\" decoding=\"async\" width=\"350\" height=\"233\" src=\"https:\/\/www.macarons-recrutement.com\/wp-content\/uploads\/2026\/02\/Directeur-dExploitation-p.jpg\" class=\"attachment-full size-full wp-image-52983\" alt=\"\" srcset=\"https:\/\/www.macarons-recrutement.com\/wp-content\/uploads\/2026\/02\/Directeur-dExploitation-p.jpg 350w, https:\/\/www.macarons-recrutement.com\/wp-content\/uploads\/2026\/02\/Directeur-dExploitation-p-300x200.jpg 300w\" sizes=\"(max-width: 350px) 100vw, 350px\" \/><\/div>\n\t\t<\/a>\n\t\t\t\t<div class=\"elementor-post__text\">\n\t\t\t\t<h3 class=\"elementor-post__title\">\n\t\t\t<a href=\"https:\/\/www.macarons-recrutement.com\/en\/directeur-dexploitation-hotel-5-proche-megeve\/\" >\n\t\t\t\tDirecteur d\u2019Exploitation H\u00f4tel 5* Proche Meg\u00e8ve\t\t\t<\/a>\n\t\t<\/h3>\n\t\t\t\t<div class=\"elementor-post__meta-data\">\n\t\t\t\t\t<span class=\"elementor-post-date\">\n\t\t\t26 April 2026\t\t<\/span>\n\t\t\t\t<\/div>\n\t\t\t\t<div class=\"elementor-post__excerpt\">\n\t\t\t<p>Entreprise Situ\u00e9 au c\u0153ur d\u2019un environnement naturel pr\u00e9serv\u00e9 et accessible selon des contraintes saisonni\u00e8res marqu\u00e9es,<\/p>\n\t\t<\/div>\n\t\t\n\t\t<a class=\"elementor-post__read-more\" href=\"https:\/\/www.macarons-recrutement.com\/en\/directeur-dexploitation-hotel-5-proche-megeve\/\" aria-label=\"Read more about Directeur d\u2019Exploitation H\u00f4tel 5* Proche Meg\u00e8ve\" >\n\t\t\tVoir l'offre \u00bb\t\t<\/a>\n\n\t\t\t\t<\/div>\n\t\t\t\t<\/article>\n\t\t\t\t<article class=\"elementor-post elementor-grid-item post-53280 post type-post status-publish format-standard has-post-thumbnail category-job-offers category-non-classe-en category-offres-demploi category-uncategorized tag-cdi-cadre tag-directeur-de-restaurant tag-etoile-michelin tag-hotellerie-restauration tag-macarons-recrutement-hotellerie-et-restauration tag-pays-basque tag-restaurant-gastronomique\">\n\t\t\t\t<a class=\"elementor-post__thumbnail__link\" href=\"https:\/\/www.macarons-recrutement.com\/en\/directeur-de-restaurant-hotel-5-et-table-etoilee-michelin-pays-basque\/\" >\n\t\t\t<div class=\"elementor-post__thumbnail\"><img loading=\"lazy\" decoding=\"async\" width=\"350\" height=\"233\" src=\"https:\/\/www.macarons-recrutement.com\/wp-content\/uploads\/2026\/02\/directeur-de-restaurant-p.jpg\" class=\"attachment-full size-full wp-image-52937\" alt=\"\" srcset=\"https:\/\/www.macarons-recrutement.com\/wp-content\/uploads\/2026\/02\/directeur-de-restaurant-p.jpg 350w, https:\/\/www.macarons-recrutement.com\/wp-content\/uploads\/2026\/02\/directeur-de-restaurant-p-300x200.jpg 300w\" sizes=\"(max-width: 350px) 100vw, 350px\" \/><\/div>\n\t\t<\/a>\n\t\t\t\t<div class=\"elementor-post__text\">\n\t\t\t\t<h3 class=\"elementor-post__title\">\n\t\t\t<a href=\"https:\/\/www.macarons-recrutement.com\/en\/directeur-de-restaurant-hotel-5-et-table-etoilee-michelin-pays-basque\/\" >\n\t\t\t\tDirecteur de Restaurant H\u00f4tel 5* et Table \u00c9toil\u00e9e Michelin Pays Basque\t\t\t<\/a>\n\t\t<\/h3>\n\t\t\t\t<div class=\"elementor-post__meta-data\">\n\t\t\t\t\t<span class=\"elementor-post-date\">\n\t\t\t25 April 2026\t\t<\/span>\n\t\t\t\t<\/div>\n\t\t\t\t<div class=\"elementor-post__excerpt\">\n\t\t\t<p>Entreprise Au c\u0153ur du Pays basque, dans un environnement naturel pr\u00e9serv\u00e9 et recherch\u00e9, un \u00e9tablissement<\/p>\n\t\t<\/div>\n\t\t\n\t\t<a class=\"elementor-post__read-more\" href=\"https:\/\/www.macarons-recrutement.com\/en\/directeur-de-restaurant-hotel-5-et-table-etoilee-michelin-pays-basque\/\" aria-label=\"Read more about Directeur de Restaurant H\u00f4tel 5* et Table \u00c9toil\u00e9e Michelin Pays Basque\" >\n\t\t\tVoir l'offre \u00bb\t\t<\/a>\n\n\t\t\t\t<\/div>\n\t\t\t\t<\/article>\n\t\t\t\t<\/div>\n\t\t\n\t\t\t\t<\/div>\n\t\t\t\t<\/div>\n\t\t\t\t<div class=\"elementor-element elementor-element-e036c1e elementor-align-center elementor-widget elementor-widget-button\" data-id=\"e036c1e\" data-element_type=\"widget\" data-widget_type=\"button.default\">\n\t\t\t\t<div class=\"elementor-widget-container\">\n\t\t\t\t\t<div class=\"elementor-button-wrapper\">\n\t\t\t<a href=\"\/offres-demploi\/\" class=\"elementor-button-link elementor-button elementor-size-sm\" role=\"button\">\n\t\t\t\t\t\t<span class=\"elementor-button-content-wrapper\">\n\t\t\t\t\t\t<span class=\"elementor-button-text\">Voir toutes nos offres<\/span>\n\t\t<\/span>\n\t\t\t\t\t<\/a>\n\t\t<\/div>\n\t\t\t\t<\/div>\n\t\t\t\t<\/div>\n\t\t\t\t\t\t<\/div>\n\t\t\t\t\t<\/div>\n\t\t<\/div>\n\t\t\t\t\t\t\t\t<\/div>\n\t\t\t\t\t<\/div>\n\t\t<\/section>\n\t\t\t\t<section class=\"elementor-section elementor-top-section elementor-element elementor-element-7fd6821c elementor-section-content-middle elementor-section-stretched elementor-section-boxed elementor-section-height-default elementor-section-height-default\" data-id=\"7fd6821c\" data-element_type=\"section\" data-settings=\"{&quot;background_background&quot;:&quot;classic&quot;,&quot;background_motion_fx_motion_fx_scrolling&quot;:&quot;yes&quot;,&quot;background_motion_fx_translateY_effect&quot;:&quot;yes&quot;,&quot;stretch_section&quot;:&quot;section-stretched&quot;,&quot;background_motion_fx_translateX_effect&quot;:&quot;yes&quot;,&quot;background_motion_fx_translateY_speed&quot;:{&quot;unit&quot;:&quot;px&quot;,&quot;size&quot;:4,&quot;sizes&quot;:[]},&quot;background_motion_fx_translateY_affectedRange&quot;:{&quot;unit&quot;:&quot;%&quot;,&quot;size&quot;:&quot;&quot;,&quot;sizes&quot;:{&quot;start&quot;:0,&quot;end&quot;:100}},&quot;background_motion_fx_translateX_speed&quot;:{&quot;unit&quot;:&quot;px&quot;,&quot;size&quot;:4,&quot;sizes&quot;:[]},&quot;background_motion_fx_translateX_affectedRange&quot;:{&quot;unit&quot;:&quot;%&quot;,&quot;size&quot;:&quot;&quot;,&quot;sizes&quot;:{&quot;start&quot;:0,&quot;end&quot;:100}},&quot;background_motion_fx_devices&quot;:[&quot;desktop&quot;,&quot;tablet&quot;,&quot;mobile&quot;]}\">\n\t\t\t\t\t\t\t<div class=\"elementor-background-overlay\"><\/div>\n\t\t\t\t\t\t\t<div class=\"elementor-container elementor-column-gap-extended\">\n\t\t\t\t\t\t\t<div class=\"elementor-row\">\n\t\t\t\t\t<div class=\"elementor-column elementor-col-100 elementor-top-column elementor-element elementor-element-789f424c\" data-id=\"789f424c\" data-element_type=\"column\" data-settings=\"{&quot;background_background&quot;:&quot;classic&quot;}\">\n\t\t\t<div class=\"elementor-column-wrap elementor-element-populated\">\n\t\t\t\t\t\t\t<div class=\"elementor-widget-wrap\">\n\t\t\t\t\t\t<div class=\"elementor-element elementor-element-381e04df elementor-invisible elementor-widget elementor-widget-heading\" data-id=\"381e04df\" data-element_type=\"widget\" data-settings=\"{&quot;_animation&quot;:&quot;fadeInDown&quot;}\" data-widget_type=\"heading.default\">\n\t\t\t\t<div class=\"elementor-widget-container\">\n\t\t\t<h2 class=\"elementor-heading-title elementor-size-default\">NOUS recrutons en France et dans le Monde TOUS LES POSTES pour LES h\u00f4tels et restaurants DE QUALIT\u00c9 et de toute capacit\u00e9 avec une sp\u00e9cialisation en HAUTE GASTRONOMIE <\/h2>\t\t<\/div>\n\t\t\t\t<\/div>\n\t\t\t\t\t\t<\/div>\n\t\t\t\t\t<\/div>\n\t\t<\/div>\n\t\t\t\t\t\t\t\t<\/div>\n\t\t\t\t\t<\/div>\n\t\t<\/section>\n\t\t\t\t<section class=\"elementor-section elementor-top-section elementor-element elementor-element-59b7153c elementor-section-stretched elementor-section-boxed elementor-section-height-default elementor-section-height-default\" data-id=\"59b7153c\" data-element_type=\"section\" data-settings=\"{&quot;stretch_section&quot;:&quot;section-stretched&quot;}\">\n\t\t\t\t\t\t<div class=\"elementor-container elementor-column-gap-default\">\n\t\t\t\t\t\t\t<div class=\"elementor-row\">\n\t\t\t\t\t<div class=\"elementor-column elementor-col-50 elementor-top-column elementor-element elementor-element-9aa96cb\" data-id=\"9aa96cb\" data-element_type=\"column\" data-settings=\"{&quot;background_background&quot;:&quot;classic&quot;}\">\n\t\t\t<div class=\"elementor-column-wrap elementor-element-populated\">\n\t\t\t\t\t\t\t<div class=\"elementor-widget-wrap\">\n\t\t\t\t\t\t<div class=\"elementor-element elementor-element-30cd3008 elementor-widget elementor-widget-text-editor\" data-id=\"30cd3008\" data-element_type=\"widget\" data-widget_type=\"text-editor.default\">\n\t\t\t\t<div class=\"elementor-widget-container\">\n\t\t\t\t\t\t\t\t<div class=\"elementor-text-editor elementor-clearfix\">\n\t\t\t\t<p>Confier un recrutement \u00e0 <b>Macarons Recrutement<\/b>, c\u2019est choisir l\u2019exigence, la discr\u00e9tion et la pertinence.<\/p>\n<p><b>Pourquoi nous choisir ?<\/b><\/p>\n<ul>\n<li>Une sp\u00e9cialisation exclusive : h\u00f4tellerie &amp; restauration de qualit\u00e9.<\/li>\n<li>Une connaissance du terrain : tous les postes que nous recrutons, nous les avons pratiqu\u00e9s ou dirig\u00e9s<\/li>\n<li>Une approche humaine : pas de robots, pas d\u2019automates, mais une analyse fine de chaque besoin<\/li>\n<li>Une m\u00e9thode rigoureuse : s\u00e9lection sur mesure, entretiens pouss\u00e9s, r\u00e9f\u00e9rences syst\u00e9matiques, tests psychom\u00e9triques<\/li>\n<li>Une relation fond\u00e9e sur la confiance : 100 % de notre activit\u00e9 provient du bouche-\u00e0-oreille<\/li>\n<li>Une garantie : remplacement syst\u00e9matique sans frais si la collaboration \u00e9choue<\/li>\n<\/ul>\n<p>Vous cherchez un chef de cuisine, un directeur, un ma\u00eetre d\u2019h\u00f4tel ou un chef de partie ?<\/p>\n<p>Parlons de votre recherche, sans engagement. Nous saurons vous dire si nous pouvons vous aider.<\/p>\n<p><a href=\"https:\/\/www.macarons-recrutement.com\/contact\/\" rel=\"noopener\"><b>Contactez-nous.<\/b><\/a><\/p>\t\t\t\t\t<\/div>\n\t\t\t\t\t\t<\/div>\n\t\t\t\t<\/div>\n\t\t\t\t\t\t<\/div>\n\t\t\t\t\t<\/div>\n\t\t<\/div>\n\t\t\t\t<div class=\"elementor-column elementor-col-50 elementor-top-column elementor-element elementor-element-2407f7a9\" data-id=\"2407f7a9\" data-element_type=\"column\" data-settings=\"{&quot;background_background&quot;:&quot;classic&quot;,&quot;background_motion_fx_motion_fx_mouse&quot;:&quot;yes&quot;,&quot;background_motion_fx_mouseTrack_effect&quot;:&quot;yes&quot;,&quot;background_motion_fx_mouseTrack_speed&quot;:{&quot;unit&quot;:&quot;px&quot;,&quot;size&quot;:1,&quot;sizes&quot;:[]}}\">\n\t\t\t<div class=\"elementor-column-wrap elementor-element-populated\">\n\t\t\t\t\t\t\t<div class=\"elementor-widget-wrap\">\n\t\t\t\t\t\t<div class=\"elementor-element elementor-element-196ab218 elementor-widget elementor-widget-spacer\" data-id=\"196ab218\" data-element_type=\"widget\" data-widget_type=\"spacer.default\">\n\t\t\t\t<div class=\"elementor-widget-container\">\n\t\t\t\t\t<div class=\"elementor-spacer\">\n\t\t\t<div class=\"elementor-spacer-inner\"><\/div>\n\t\t<\/div>\n\t\t\t\t<\/div>\n\t\t\t\t<\/div>\n\t\t\t\t\t\t<\/div>\n\t\t\t\t\t<\/div>\n\t\t<\/div>\n\t\t\t\t\t\t\t\t<\/div>\n\t\t\t\t\t<\/div>\n\t\t<\/section>\n\t\t\t\t\t\t\t\t\t<\/div>\n\t\t\t<\/div>\n\t\t\t\t\t<\/div>\n\t\t","protected":false},"excerpt":{"rendered":"<p>RECRUTEMENT H\u00d4TELS &#038; RESTAURANTS\u200bNous contacter RECRUTEMENT H\u00d4TELS &#038; RESTAURANTS\u200bNous contacter&#8230;<\/p>\n","protected":false},"author":5,"featured_media":0,"parent":0,"menu_order":0,"comment_status":"closed","ping_status":"closed","template":"","meta":{"_exactmetrics_skip_tracking":false,"_exactmetrics_sitenote_active":false,"_exactmetrics_sitenote_note":"","_exactmetrics_sitenote_category":0,"footnotes":""},"class_list":["post-34718","page","type-page","status-publish"],"yoast_head":"<!-- This site is optimized with the Yoast SEO plugin v24.9 - https:\/\/yoast.com\/wordpress\/plugins\/seo\/ -->\n<title>Pour des H\u00f4teliers par des H\u00f4teliers Macarons Recrutement<\/title>\n<meta name=\"description\" content=\"Directeur de restaurant \u00e9toil\u00e9 au Pays basque. CDI cadre. Objectif 2 \u00e9toiles Michelin. Logement possible, \u00e0 pourvoir imm\u00e9diatement.\" \/>\n<meta name=\"robots\" content=\"index, follow, max-snippet:-1, max-image-preview:large, max-video-preview:-1\" \/>\n<link rel=\"canonical\" href=\"https:\/\/www.macarons-recrutement.com\/en\/\" \/>\n<meta property=\"og:locale\" content=\"en_GB\" \/>\n<meta property=\"og:locale:alternate\" content=\"fr_FR\" \/>\n<meta property=\"og:type\" content=\"article\" \/>\n<meta property=\"og:title\" content=\"Pour des H\u00f4teliers par des H\u00f4teliers Macarons Recrutement\" \/>\n<meta property=\"og:description\" content=\"D\u00e9couvrez Macarons Recrutement, expert en recrutement pour l\u2019h\u00f4tellerie et la restauration en France et \u00e0 l&#039;international.\" \/>\n<meta property=\"og:url\" content=\"https:\/\/www.macarons-recrutement.com\/en\/directeur-de-restaurant-hotel-5-et-table-etoilee-michelin-pays-basque\/\" \/>\n<meta property=\"og:site_name\" content=\"Macarons Recrutement\" \/>\n<meta property=\"article:publisher\" content=\"https:\/\/www.facebook.com\/MacaronsRecrutement\/\" \/>\n<meta property=\"article:modified_time\" content=\"2025-05-12T07:45:32+00:00\" \/>\n<meta property=\"og:image\" content=\"https:\/\/www.macarons-recrutement.com\/wp-content\/uploads\/2023\/10\/Directeur-dExploitation-Trois-Petits-Hotels-en-Bourgogne-Franche-Comte.png\" \/>\n\t<meta property=\"og:image:width\" content=\"350\" \/>\n\t<meta property=\"og:image:height\" content=\"235\" \/>\n\t<meta property=\"og:image:type\" content=\"image\/png\" \/>\n<meta name=\"twitter:card\" content=\"summary_large_image\" \/>\n<meta name=\"twitter:label1\" content=\"Estimated reading time\" \/>\n\t<meta name=\"twitter:data1\" content=\"1 minute\" \/>\n<script type=\"application\/ld+json\" class=\"yoast-schema-graph\">{\"@context\":\"https:\/\/schema.org\",\"@graph\":[{\"@type\":\"WebPage\",\"@id\":\"https:\/\/www.macarons-recrutement.com\/\",\"url\":\"https:\/\/www.macarons-recrutement.com\/\",\"name\":\"Pour des H\u00f4teliers par des H\u00f4teliers Macarons Recrutement\",\"isPartOf\":{\"@id\":\"https:\/\/www.macarons-recrutement.com\/#website\"},\"datePublished\":\"2024-08-21T05:08:17+00:00\",\"dateModified\":\"2025-05-12T07:45:32+00:00\",\"description\":\"D\u00e9couvrez Macarons Recrutement, expert en recrutement pour l\u2019h\u00f4tellerie et la restauration en France et \u00e0 l'international.\",\"breadcrumb\":{\"@id\":\"https:\/\/www.macarons-recrutement.com\/#breadcrumb\"},\"inLanguage\":\"en-GB\",\"potentialAction\":[{\"@type\":\"ReadAction\",\"target\":[\"https:\/\/www.macarons-recrutement.com\/\"]}]},{\"@type\":\"BreadcrumbList\",\"@id\":\"https:\/\/www.macarons-recrutement.com\/#breadcrumb\",\"itemListElement\":[{\"@type\":\"ListItem\",\"position\":1,\"name\":\"Accueil\",\"item\":\"https:\/\/www.macarons-recrutement.com\/\"},{\"@type\":\"ListItem\",\"position\":2,\"name\":\"Pour des h\u00f4teliers par des h\u00f4teliers\"}]},{\"@type\":\"WebSite\",\"@id\":\"https:\/\/www.macarons-recrutement.com\/#website\",\"url\":\"https:\/\/www.macarons-recrutement.com\/\",\"name\":\"Macarons Recrutement H\u00f4tels & Restaurants\",\"description\":\"For hoteliers by hoteliers\",\"publisher\":{\"@id\":\"https:\/\/www.macarons-recrutement.com\/#organization\"},\"alternateName\":\"Macarons Recrutement H\u00f4tels & Restaurants\",\"potentialAction\":[{\"@type\":\"SearchAction\",\"target\":{\"@type\":\"EntryPoint\",\"urlTemplate\":\"https:\/\/www.macarons-recrutement.com\/?s={search_term_string}\"},\"query-input\":{\"@type\":\"PropertyValueSpecification\",\"valueRequired\":true,\"valueName\":\"search_term_string\"}}],\"inLanguage\":\"en-GB\"},{\"@type\":\"Organization\",\"@id\":\"https:\/\/www.macarons-recrutement.com\/#organization\",\"name\":\"Macarons Recrutement H\u00f4tels & Restaurants\",\"alternateName\":\"Macarons Recrutement H\u00f4tels & Restaurants\",\"url\":\"https:\/\/www.macarons-recrutement.com\/\",\"logo\":{\"@type\":\"ImageObject\",\"inLanguage\":\"en-GB\",\"@id\":\"https:\/\/www.macarons-recrutement.com\/#\/schema\/logo\/image\/\",\"url\":\"https:\/\/www.macarons-recrutement.com\/wp-content\/uploads\/2019\/06\/logo-MACARON-recruitment-hospitality-industry.jpg\",\"contentUrl\":\"https:\/\/www.macarons-recrutement.com\/wp-content\/uploads\/2019\/06\/logo-MACARON-recruitment-hospitality-industry.jpg\",\"width\":700,\"height\":329,\"caption\":\"Macarons Recrutement H\u00f4tels & Restaurants\"},\"image\":{\"@id\":\"https:\/\/www.macarons-recrutement.com\/#\/schema\/logo\/image\/\"},\"sameAs\":[\"https:\/\/www.facebook.com\/MacaronsRecrutement\/\",\"https:\/\/www.instagram.com\/macaronsrecrutement\/?hl=fr\",\"https:\/\/www.linkedin.com\/company\/macarons-hotels-restaurants-global-experts\/\"]}]}<\/script>\n<!-- \/ Yoast SEO plugin. -->","yoast_head_json":{"title":"Pour des H\u00f4teliers par des H\u00f4teliers Macarons Recrutement","description":"Directeur de restaurant \u00e9toil\u00e9 au Pays basque. CDI cadre. Objectif 2 \u00e9toiles Michelin. Logement possible, \u00e0 pourvoir imm\u00e9diatement.","robots":{"index":"index","follow":"follow","max-snippet":"max-snippet:-1","max-image-preview":"max-image-preview:large","max-video-preview":"max-video-preview:-1"},"canonical":"https:\/\/www.macarons-recrutement.com\/en\/","og_locale":"en_GB","og_type":"article","og_title":"[:fr]Pour des H\u00f4teliers par des H\u00f4teliers Macarons Recrutement[:]","og_description":"[:fr]D\u00e9couvrez Macarons Recrutement, expert en recrutement pour l\u2019h\u00f4tellerie et la restauration en France et \u00e0 l'international.[:]","og_url":"https:\/\/www.macarons-recrutement.com\/en\/directeur-de-restaurant-hotel-5-et-table-etoilee-michelin-pays-basque\/","og_site_name":"Macarons Recrutement","article_publisher":"https:\/\/www.facebook.com\/MacaronsRecrutement\/","article_modified_time":"2025-05-12T07:45:32+00:00","og_image":[{"width":350,"height":235,"url":"https:\/\/www.macarons-recrutement.com\/wp-content\/uploads\/2023\/10\/Directeur-dExploitation-Trois-Petits-Hotels-en-Bourgogne-Franche-Comte.png","type":"image\/png"}],"twitter_card":"summary_large_image","twitter_misc":{"Estimated reading time":"1 minute"},"schema":{"@context":"https:\/\/schema.org","@graph":[{"@type":"WebPage","@id":"https:\/\/www.macarons-recrutement.com\/","url":"https:\/\/www.macarons-recrutement.com\/","name":"Pour des H\u00f4teliers par des H\u00f4teliers Macarons Recrutement","isPartOf":{"@id":"https:\/\/www.macarons-recrutement.com\/#website"},"datePublished":"2024-08-21T05:08:17+00:00","dateModified":"2025-05-12T07:45:32+00:00","description":"D\u00e9couvrez Macarons Recrutement, expert en recrutement pour l\u2019h\u00f4tellerie et la restauration en France et \u00e0 l'international.","breadcrumb":{"@id":"https:\/\/www.macarons-recrutement.com\/#breadcrumb"},"inLanguage":"en-GB","potentialAction":[{"@type":"ReadAction","target":["https:\/\/www.macarons-recrutement.com\/"]}]},{"@type":"BreadcrumbList","@id":"https:\/\/www.macarons-recrutement.com\/#breadcrumb","itemListElement":[{"@type":"ListItem","position":1,"name":"Accueil","item":"https:\/\/www.macarons-recrutement.com\/"},{"@type":"ListItem","position":2,"name":"Pour des h\u00f4teliers par des h\u00f4teliers"}]},{"@type":"WebSite","@id":"https:\/\/www.macarons-recrutement.com\/#website","url":"https:\/\/www.macarons-recrutement.com\/","name":"Macarons Recrutement H\u00f4tels & Restaurants","description":"For hoteliers by hoteliers","publisher":{"@id":"https:\/\/www.macarons-recrutement.com\/#organization"},"alternateName":"Macarons Recrutement H\u00f4tels & Restaurants","potentialAction":[{"@type":"SearchAction","target":{"@type":"EntryPoint","urlTemplate":"https:\/\/www.macarons-recrutement.com\/?s={search_term_string}"},"query-input":{"@type":"PropertyValueSpecification","valueRequired":true,"valueName":"search_term_string"}}],"inLanguage":"en-GB"},{"@type":"Organization","@id":"https:\/\/www.macarons-recrutement.com\/#organization","name":"Macarons Recrutement H\u00f4tels & Restaurants","alternateName":"Macarons Recrutement H\u00f4tels & Restaurants","url":"https:\/\/www.macarons-recrutement.com\/","logo":{"@type":"ImageObject","inLanguage":"en-GB","@id":"https:\/\/www.macarons-recrutement.com\/#\/schema\/logo\/image\/","url":"https:\/\/www.macarons-recrutement.com\/wp-content\/uploads\/2019\/06\/logo-MACARON-recruitment-hospitality-industry.jpg","contentUrl":"https:\/\/www.macarons-recrutement.com\/wp-content\/uploads\/2019\/06\/logo-MACARON-recruitment-hospitality-industry.jpg","width":700,"height":329,"caption":"Macarons Recrutement H\u00f4tels & Restaurants"},"image":{"@id":"https:\/\/www.macarons-recrutement.com\/#\/schema\/logo\/image\/"},"sameAs":["https:\/\/www.facebook.com\/MacaronsRecrutement\/","https:\/\/www.instagram.com\/macaronsrecrutement\/?hl=fr","https:\/\/www.linkedin.com\/company\/macarons-hotels-restaurants-global-experts\/"]}]}},"_links":{"self":[{"href":"https:\/\/www.macarons-recrutement.com\/en\/wp-json\/wp\/v2\/pages\/34718"}],"collection":[{"href":"https:\/\/www.macarons-recrutement.com\/en\/wp-json\/wp\/v2\/pages"}],"about":[{"href":"https:\/\/www.macarons-recrutement.com\/en\/wp-json\/wp\/v2\/types\/page"}],"author":[{"embeddable":true,"href":"https:\/\/www.macarons-recrutement.com\/en\/wp-json\/wp\/v2\/users\/5"}],"replies":[{"embeddable":true,"href":"https:\/\/www.macarons-recrutement.com\/en\/wp-json\/wp\/v2\/comments?post=34718"}],"version-history":[{"count":0,"href":"https:\/\/www.macarons-recrutement.com\/en\/wp-json\/wp\/v2\/pages\/34718\/revisions"}],"wp:attachment":[{"href":"https:\/\/www.macarons-recrutement.com\/en\/wp-json\/wp\/v2\/media?parent=34718"}],"curies":[{"name":"wp","href":"https:\/\/api.w.org\/{rel}","templated":true}]}}